{"version":"1.0","provider_name":"Viitasaaren Reserviupseerit ry","provider_url":"https:\/\/www.rul.fi\/viitasaari","author_name":"viitasaari2","author_url":"https:\/\/www.rul.fi\/viitasaari\/author\/viitasaari2\/","title":"Aseveljien liitto ry 1940-1945 - Viitasaaren Reserviupseerit ry","type":"rich","width":600,"height":338,"html":"<blockquote class=\"wp-embedded-content\" data-secret=\"EqnKypXMMJ\"><a href=\"https:\/\/www.rul.fi\/viitasaari\/kuvia-toiminnasta\/vts-aseveljet-ry-1940\/\">Aseveljien liitto ry 1940-1945<\/a><\/blockquote><iframe sandbox=\"allow-scripts\" security=\"restricted\" src=\"https:\/\/www.rul.fi\/viitasaari\/kuvia-toiminnasta\/vts-aseveljet-ry-1940\/embed\/#?secret=EqnKypXMMJ\" width=\"600\" height=\"338\" title=\"&#8221;Aseveljien liitto ry 1940-1945&#8221; &#8212; Viitasaaren Reserviupseerit ry\" data-secret=\"EqnKypXMMJ\" frameborder=\"0\" marginwidth=\"0\" marginheight=\"0\" scrolling=\"no\" class=\"wp-embedded-content\"><\/iframe><script type=\"text\/javascript\">\n\/* <![CDATA[ *\/\n\/*! This file is auto-generated *\/\n!function(d,l){\"use strict\";l.querySelector&&d.addEventListener&&\"undefined\"!=typeof URL&&(d.wp=d.wp||{},d.wp.receiveEmbedMessage||(d.wp.receiveEmbedMessage=function(e){var t=e.data;if((t||t.secret||t.message||t.value)&&!\/[^a-zA-Z0-9]\/.test(t.secret)){for(var s,r,n,a=l.querySelectorAll('iframe[data-secret=\"'+t.secret+'\"]'),o=l.querySelectorAll('blockquote[data-secret=\"'+t.secret+'\"]'),c=new RegExp(\"^https?:$\",\"i\"),i=0;i<o.length;i++)o[i].style.display=\"none\";for(i=0;i<a.length;i++)s=a[i],e.source===s.contentWindow&&(s.removeAttribute(\"style\"),\"height\"===t.message?(1e3<(r=parseInt(t.value,10))?r=1e3:~~r<200&&(r=200),s.height=r):\"link\"===t.message&&(r=new URL(s.getAttribute(\"src\")),n=new URL(t.value),c.test(n.protocol))&&n.host===r.host&&l.activeElement===s&&(d.top.location.href=t.value))}},d.addEventListener(\"message\",d.wp.receiveEmbedMessage,!1),l.addEventListener(\"DOMContentLoaded\",function(){for(var e,t,s=l.querySelectorAll(\"iframe.wp-embedded-content\"),r=0;r<s.length;r++)(t=(e=s[r]).getAttribute(\"data-secret\"))||(t=Math.random().toString(36).substring(2,12),e.src+=\"#?secret=\"+t,e.setAttribute(\"data-secret\",t)),e.contentWindow.postMessage({message:\"ready\",secret:t},\"*\")},!1)))}(window,document);\n\/\/# sourceURL=https:\/\/www.rul.fi\/viitasaari\/wp-includes\/js\/wp-embed.min.js\n\/* ]]> *\/\n<\/script>\n","description":"Otto Kananen oli talvisodan j\u00e4lkeen tiiviisti ty\u00f6el\u00e4m\u00e4ss\u00e4, mutta sen ohella h\u00e4nen maalaisj\u00e4rkens\u00e4 vaati mukana olemista vapaaehtoisessa maanpuolustusty\u00f6ss\u00e4 talvisodan j\u00e4lkeenkin. Kodittomana ty\u00f6miehen\u00e4 kait olisi pit\u00e4nyt olla punalippujen takana huutamassa aseellista puolustusta vastaan, mutta sit\u00e4 Otto ei kokenut oikeana ja viisaana. Sosialistinen it\u00e4naapuri oli oman k\u00e4den oikeudella ottanut suuren osan maastamme itselleen. Oliko se v\u00e4hempiosaisen puolella olevaa [&hellip;]","thumbnail_url":"https:\/\/www.rul.fi\/viitasaari\/files\/2016\/04\/Otto_K_1.jpg","thumbnail_width":584,"thumbnail_height":785}